{"id":1045,"date":"2024-08-01T10:36:07","date_gmt":"2024-08-01T10:36:07","guid":{"rendered":"https:\/\/fietsenmike.be\/?page_id=1045"},"modified":"2024-08-01T10:56:23","modified_gmt":"2024-08-01T10:56:23","slug":"kinderfahrradverleih-knokke","status":"publish","type":"page","link":"https:\/\/fietsenmike.be\/de\/kinderfiets-huren-knokke\/","title":{"rendered":"Kinderfahrradverleih Knokke"},"content":{"rendered":"<div data-elementor-type=\"wp-page\" data-elementor-id=\"1045\" class=\"elementor elementor-1045\" data-elementor-post-type=\"page\">\n\t\t\t\t\t\t<section class=\"elementor-section elementor-top-section elementor-element elementor-element-4d9369e elementor-section-height-min-height elementor-section-items-bottom elementor-section-stretched elementor-section-boxed elementor-section-height-default\" data-id=\"4d9369e\" data-element_type=\"section\" data-e-type=\"section\" data-settings=\"{&quot;stretch_section&quot;:&quot;section-stretched&quot;,&quot;background_background&quot;:&quot;classic&quot;}\">\n\t\t\t\t\t\t\t<div class=\"elementor-background-overlay\"><\/div>\n\t\t\t\t\t\t\t<div class=\"elementor-container elementor-column-gap-default\">\n\t\t\t\t\t<div class=\"elementor-column elementor-col-100 elementor-top-column elementor-element elementor-element-cb68e03\" data-id=\"cb68e03\" data-element_type=\"column\" data-e-type=\"column\" data-settings=\"{&quot;background_background&quot;:&quot;classic&quot;}\">\n\t\t\t<div class=\"elementor-widget-wrap elementor-element-populated\">\n\t\t\t\t\t\t<div class=\"elementor-element elementor-element-73ce51e elementor-widget elementor-widget-heading\" data-id=\"73ce51e\" data-element_type=\"widget\" data-e-type=\"widget\" data-widget_type=\"heading.default\">\n\t\t\t\t<div class=\"elementor-widget-container\">\n\t\t\t\t\t<h1 class=\"elementor-heading-title elementor-size-default\">Kinderfahrradverleih in Knokke<\/h1>\t\t\t\t<\/div>\n\t\t\t\t<\/div>\n\t\t\t\t<div class=\"elementor-element elementor-element-42ea95a elementor-align-center elementor-widget elementor-widget-button\" data-id=\"42ea95a\" data-element_type=\"widget\" data-e-type=\"widget\" data-widget_type=\"button.default\">\n\t\t\t\t<div class=\"elementor-widget-container\">\n\t\t\t\t\t\t\t\t\t<div class=\"elementor-button-wrapper\">\n\t\t\t\t\t<a class=\"elementor-button elementor-button-link elementor-size-sm\" href=\"https:\/\/fietsenmike.be\/de\/standort\/\">\n\t\t\t\t\t\t<span class=\"elementor-button-content-wrapper\">\n\t\t\t\t\t\t\t\t\t<span class=\"elementor-button-text\">Kontakt aufnehmen<\/span>\n\t\t\t\t\t<\/span>\n\t\t\t\t\t<\/a>\n\t\t\t\t<\/div>\n\t\t\t\t\t\t\t\t<\/div>\n\t\t\t\t<\/div>\n\t\t\t\t\t<\/div>\n\t\t<\/div>\n\t\t\t\t\t<\/div>\n\t\t<\/section>\n\t\t\t\t<section class=\"elementor-section elementor-top-section elementor-element elementor-element-efaf204 elementor-section-boxed elementor-section-height-default elementor-section-height-default\" data-id=\"efaf204\" data-element_type=\"section\" data-e-type=\"section\">\n\t\t\t\t\t\t<div class=\"elementor-container elementor-column-gap-default\">\n\t\t\t\t\t<div class=\"elementor-column elementor-col-33 elementor-top-column elementor-element elementor-element-67b4925\" data-id=\"67b4925\" data-element_type=\"column\" data-e-type=\"column\">\n\t\t\t<div class=\"elementor-widget-wrap elementor-element-populated\">\n\t\t\t\t\t\t<div class=\"elementor-element elementor-element-1fbf614 elementor-icon-list--layout-traditional elementor-list-item-link-full_width elementor-widget elementor-widget-icon-list\" data-id=\"1fbf614\" data-element_type=\"widget\" data-e-type=\"widget\" data-widget_type=\"icon-list.default\">\n\t\t\t\t<div class=\"elementor-widget-container\">\n\t\t\t\t\t\t\t<ul class=\"elementor-icon-list-items\">\n\t\t\t\t\t\t\t<li class=\"elementor-icon-list-item\">\n\t\t\t\t\t\t\t\t\t\t\t<span class=\"elementor-icon-list-icon\">\n\t\t\t\t\t\t\t<i aria-hidden=\"true\" class=\"fas fa-check\"><\/i>\t\t\t\t\t\t<\/span>\n\t\t\t\t\t\t\t\t\t\t<span class=\"elementor-icon-list-text\">Mehrt\u00e4gige Vermietungen<\/span>\n\t\t\t\t\t\t\t\t\t<\/li>\n\t\t\t\t\t\t<\/ul>\n\t\t\t\t\t\t<\/div>\n\t\t\t\t<\/div>\n\t\t\t\t\t<\/div>\n\t\t<\/div>\n\t\t\t\t<div class=\"elementor-column elementor-col-33 elementor-top-column elementor-element elementor-element-070c49a\" data-id=\"070c49a\" data-element_type=\"column\" data-e-type=\"column\">\n\t\t\t<div class=\"elementor-widget-wrap elementor-element-populated\">\n\t\t\t\t\t\t<div class=\"elementor-element elementor-element-04a209d elementor-icon-list--layout-traditional elementor-list-item-link-full_width elementor-widget elementor-widget-icon-list\" data-id=\"04a209d\" data-element_type=\"widget\" data-e-type=\"widget\" data-widget_type=\"icon-list.default\">\n\t\t\t\t<div class=\"elementor-widget-container\">\n\t\t\t\t\t\t\t<ul class=\"elementor-icon-list-items\">\n\t\t\t\t\t\t\t<li class=\"elementor-icon-list-item\">\n\t\t\t\t\t\t\t\t\t\t\t<span class=\"elementor-icon-list-icon\">\n\t\t\t\t\t\t\t<i aria-hidden=\"true\" class=\"fas fa-check\"><\/i>\t\t\t\t\t\t<\/span>\n\t\t\t\t\t\t\t\t\t\t<span class=\"elementor-icon-list-text\">Fahrradanh\u00e4nger f\u00fcr Hunde und Kinder<\/span>\n\t\t\t\t\t\t\t\t\t<\/li>\n\t\t\t\t\t\t<\/ul>\n\t\t\t\t\t\t<\/div>\n\t\t\t\t<\/div>\n\t\t\t\t\t<\/div>\n\t\t<\/div>\n\t\t\t\t<div class=\"elementor-column elementor-col-33 elementor-top-column elementor-element elementor-element-740d526\" data-id=\"740d526\" data-element_type=\"column\" data-e-type=\"column\">\n\t\t\t<div class=\"elementor-widget-wrap elementor-element-populated\">\n\t\t\t\t\t\t<div class=\"elementor-element elementor-element-f648d8e elementor-icon-list--layout-traditional elementor-list-item-link-full_width elementor-widget elementor-widget-icon-list\" data-id=\"f648d8e\" data-element_type=\"widget\" data-e-type=\"widget\" data-widget_type=\"icon-list.default\">\n\t\t\t\t<div class=\"elementor-widget-container\">\n\t\t\t\t\t\t\t<ul class=\"elementor-icon-list-items\">\n\t\t\t\t\t\t\t<li class=\"elementor-icon-list-item\">\n\t\t\t\t\t\t\t\t\t\t\t<span class=\"elementor-icon-list-icon\">\n\t\t\t\t\t\t\t<i aria-hidden=\"true\" class=\"fas fa-check\"><\/i>\t\t\t\t\t\t<\/span>\n\t\t\t\t\t\t\t\t\t\t<span class=\"elementor-icon-list-text\">Verkauf und Reparaturen<\/span>\n\t\t\t\t\t\t\t\t\t<\/li>\n\t\t\t\t\t\t<\/ul>\n\t\t\t\t\t\t<\/div>\n\t\t\t\t<\/div>\n\t\t\t\t\t<\/div>\n\t\t<\/div>\n\t\t\t\t\t<\/div>\n\t\t<\/section>\n\t\t\t\t<section class=\"elementor-section elementor-top-section elementor-element elementor-element-055a815 elementor-section-stretched elementor-section-boxed elementor-section-height-default elementor-section-height-default\" data-id=\"055a815\" data-element_type=\"section\" data-e-type=\"section\" data-settings=\"{&quot;stretch_section&quot;:&quot;section-stretched&quot;,&quot;background_background&quot;:&quot;classic&quot;}\">\n\t\t\t\t\t\t<div class=\"elementor-container elementor-column-gap-default\">\n\t\t\t\t\t<div class=\"elementor-column elementor-col-50 elementor-top-column elementor-element elementor-element-54daf6e\" data-id=\"54daf6e\" data-element_type=\"column\" data-e-type=\"column\">\n\t\t\t<div class=\"elementor-widget-wrap elementor-element-populated\">\n\t\t\t\t\t\t<div class=\"elementor-element elementor-element-fa8ca7b elementor-widget elementor-widget-breadcrumbs\" data-id=\"fa8ca7b\" data-element_type=\"widget\" data-e-type=\"widget\" data-widget_type=\"breadcrumbs.default\">\n\t\t\t\t<div class=\"elementor-widget-container\">\n\t\t\t\t\t<p id=\"breadcrumbs\"><span><span><a href=\"https:\/\/fietsenmike.be\/de\/\">Startseite<\/a><\/span><\/span><\/p>\t\t\t\t<\/div>\n\t\t\t\t<\/div>\n\t\t\t\t<div class=\"elementor-element elementor-element-6335002 elementor-widget__width-initial elementor-widget elementor-widget-text-editor\" data-id=\"6335002\" data-element_type=\"widget\" data-e-type=\"widget\" data-widget_type=\"text-editor.default\">\n\t\t\t\t<div class=\"elementor-widget-container\">\n\t\t\t\t\t\t\t\t\t<p>Das Mieten eines Kinderfahrrads ist eine gute M\u00f6glichkeit, um sicherzustellen, dass auch Ihre Kinder eine Radtour in Knokke genie\u00dfen k\u00f6nnen. Bei Bike Rental Mike k\u00f6nnen Sie ganz einfach ein Kinderfahrrad mieten, um gemeinsam mit Ihrer Familie die sch\u00f6ne Umgebung von Knokke-Heist zu erkunden. Das Mieten eines Kinderfahrrads sorgt daf\u00fcr, dass alle, egal welchen Alters, an der Radtour teilnehmen und die frische Luft genie\u00dfen k\u00f6nnen.<\/p>\t\t\t\t\t\t\t\t<\/div>\n\t\t\t\t<\/div>\n\t\t\t\t<div class=\"elementor-element elementor-element-12467d8 elementor-widget elementor-widget-heading\" data-id=\"12467d8\" data-element_type=\"widget\" data-e-type=\"widget\" data-widget_type=\"heading.default\">\n\t\t\t\t<div class=\"elementor-widget-container\">\n\t\t\t\t\t<h2 class=\"elementor-heading-title elementor-size-default\">M\u00f6chten Sie ein Kinderfahrrad in der Umgebung von Knokke mieten?<\/h2>\t\t\t\t<\/div>\n\t\t\t\t<\/div>\n\t\t\t\t<div class=\"elementor-element elementor-element-99c644b elementor-align-left elementor-widget__width-initial elementor-widget-tablet__width-initial elementor-widget-mobile__width-initial elementor-widget elementor-widget-button\" data-id=\"99c644b\" data-element_type=\"widget\" data-e-type=\"widget\" data-widget_type=\"button.default\">\n\t\t\t\t<div class=\"elementor-widget-container\">\n\t\t\t\t\t\t\t\t\t<div class=\"elementor-button-wrapper\">\n\t\t\t\t\t<a class=\"elementor-button elementor-button-link elementor-size-sm\" href=\"https:\/\/fietsenmike.be\/de\/vermietung\/\">\n\t\t\t\t\t\t<span class=\"elementor-button-content-wrapper\">\n\t\t\t\t\t\t\t\t\t<span class=\"elementor-button-text\">Unsere Preisliste ansehen<\/span>\n\t\t\t\t\t<\/span>\n\t\t\t\t\t<\/a>\n\t\t\t\t<\/div>\n\t\t\t\t\t\t\t\t<\/div>\n\t\t\t\t<\/div>\n\t\t\t\t\t<\/div>\n\t\t<\/div>\n\t\t\t\t<div class=\"elementor-column elementor-col-50 elementor-top-column elementor-element elementor-element-f21d57b\" data-id=\"f21d57b\" data-element_type=\"column\" data-e-type=\"column\" data-settings=\"{&quot;background_background&quot;:&quot;classic&quot;}\">\n\t\t\t<div class=\"elementor-widget-wrap elementor-element-populated\">\n\t\t\t\t\t\t<div class=\"elementor-element elementor-element-04c582c elementor-widget__width-auto elementor-view-default elementor-widget elementor-widget-icon\" data-id=\"04c582c\" data-element_type=\"widget\" data-e-type=\"widget\" data-widget_type=\"icon.default\">\n\t\t\t\t<div class=\"elementor-widget-container\">\n\t\t\t\t\t\t\t<div class=\"elementor-icon-wrapper\">\n\t\t\t<div class=\"elementor-icon\">\n\t\t\t<i aria-hidden=\"true\" class=\"fas fa-bicycle\"><\/i>\t\t\t<\/div>\n\t\t<\/div>\n\t\t\t\t\t\t<\/div>\n\t\t\t\t<\/div>\n\t\t\t\t<div class=\"elementor-element elementor-element-67ea44d elementor-widget__width-auto elementor-widget elementor-widget-heading\" data-id=\"67ea44d\" data-element_type=\"widget\" data-e-type=\"widget\" data-widget_type=\"heading.default\">\n\t\t\t\t<div class=\"elementor-widget-container\">\n\t\t\t\t\t<h2 class=\"elementor-heading-title elementor-size-default\">Fahrradverleih Mike<\/h2>\t\t\t\t<\/div>\n\t\t\t\t<\/div>\n\t\t\t\t<div class=\"elementor-element elementor-element-0e6aa73 elementor-icon-list--layout-traditional elementor-list-item-link-full_width elementor-widget elementor-widget-icon-list\" data-id=\"0e6aa73\" data-element_type=\"widget\" data-e-type=\"widget\" data-widget_type=\"icon-list.default\">\n\t\t\t\t<div class=\"elementor-widget-container\">\n\t\t\t\t\t\t\t<ul class=\"elementor-icon-list-items\">\n\t\t\t\t\t\t\t<li class=\"elementor-icon-list-item\">\n\t\t\t\t\t\t\t\t\t\t\t<a href=\"tel:+32%20(0)50%2061%2031%2013\">\n\n\t\t\t\t\t\t\t\t\t\t\t\t<span class=\"elementor-icon-list-icon\">\n\t\t\t\t\t\t\t<i aria-hidden=\"true\" class=\"fas fa-phone-alt\"><\/i>\t\t\t\t\t\t<\/span>\n\t\t\t\t\t\t\t\t\t\t<span class=\"elementor-icon-list-text\">+32 (0)50 61 31 13<\/span>\n\t\t\t\t\t\t\t\t\t\t\t<\/a>\n\t\t\t\t\t\t\t\t\t<\/li>\n\t\t\t\t\t\t\t\t<li class=\"elementor-icon-list-item\">\n\t\t\t\t\t\t\t\t\t\t\t<a href=\"tel:+32%20(0)475%2048%2026%2037\">\n\n\t\t\t\t\t\t\t\t\t\t\t\t<span class=\"elementor-icon-list-icon\">\n\t\t\t\t\t\t\t<i aria-hidden=\"true\" class=\"fas fa-phone-alt\"><\/i>\t\t\t\t\t\t<\/span>\n\t\t\t\t\t\t\t\t\t\t<span class=\"elementor-icon-list-text\">+32 (0)475 48 26 37<\/span>\n\t\t\t\t\t\t\t\t\t\t\t<\/a>\n\t\t\t\t\t\t\t\t\t<\/li>\n\t\t\t\t\t\t\t\t<li class=\"elementor-icon-list-item\">\n\t\t\t\t\t\t\t\t\t\t\t<a href=\"mailto:info@fietsenmike.be\">\n\n\t\t\t\t\t\t\t\t\t\t\t\t<span class=\"elementor-icon-list-icon\">\n\t\t\t\t\t\t\t<i aria-hidden=\"true\" class=\"far fa-envelope\"><\/i>\t\t\t\t\t\t<\/span>\n\t\t\t\t\t\t\t\t\t\t<span class=\"elementor-icon-list-text\">info@fietsenmike.be<\/span>\n\t\t\t\t\t\t\t\t\t\t\t<\/a>\n\t\t\t\t\t\t\t\t\t<\/li>\n\t\t\t\t\t\t\t\t<li class=\"elementor-icon-list-item\">\n\t\t\t\t\t\t\t\t\t\t\t<a href=\"https:\/\/fietsenmike.be\/de\/standort\/\">\n\n\t\t\t\t\t\t\t\t\t\t\t\t<span class=\"elementor-icon-list-icon\">\n\t\t\t\t\t\t\t<i aria-hidden=\"true\" class=\"fas fa-map-marker-alt\"><\/i>\t\t\t\t\t\t<\/span>\n\t\t\t\t\t\t\t\t\t\t<span class=\"elementor-icon-list-text\">Zeedijk 460, 8301 Knokke-Heist<\/span>\n\t\t\t\t\t\t\t\t\t\t\t<\/a>\n\t\t\t\t\t\t\t\t\t<\/li>\n\t\t\t\t\t\t<\/ul>\n\t\t\t\t\t\t<\/div>\n\t\t\t\t<\/div>\n\t\t\t\t<div class=\"elementor-element elementor-element-62ba5c1 elementor-widget elementor-widget-text-editor\" data-id=\"62ba5c1\" data-element_type=\"widget\" data-e-type=\"widget\" data-widget_type=\"text-editor.default\">\n\t\t\t\t<div class=\"elementor-widget-container\">\n\t\t\t\t\t\t\t\t\t<p>Mike Bike Rental befindet sich am Zeedijk-Albertstrand 460. Zwischen dem Kasino von Knokse und dem Segelclub RBSC von Duinbergen (De Wandelaar)<\/p><p>GPS auf Rozenlaan eingestellt (n\u00e4chstgelegene Seitenstra\u00dfe zum Deich)<\/p>\t\t\t\t\t\t\t\t<\/div>\n\t\t\t\t<\/div>\n\t\t\t\t\t<\/div>\n\t\t<\/div>\n\t\t\t\t\t<\/div>\n\t\t<\/section>\n\t\t\t\t<section class=\"elementor-section elementor-top-section elementor-element elementor-element-8a4421b elementor-section-stretched donker elementor-section-boxed elementor-section-height-default elementor-section-height-default\" data-id=\"8a4421b\" data-element_type=\"section\" data-e-type=\"section\" data-settings=\"{&quot;stretch_section&quot;:&quot;section-stretched&quot;,&quot;background_background&quot;:&quot;classic&quot;}\">\n\t\t\t\t\t\t<div class=\"elementor-container elementor-column-gap-default\">\n\t\t\t\t\t<div class=\"elementor-column elementor-col-50 elementor-top-column elementor-element elementor-element-70a648f\" data-id=\"70a648f\" data-element_type=\"column\" data-e-type=\"column\">\n\t\t\t<div class=\"elementor-widget-wrap elementor-element-populated\">\n\t\t\t\t\t\t<div class=\"elementor-element elementor-element-622a5f3 elementor-widget elementor-widget-heading\" data-id=\"622a5f3\" data-element_type=\"widget\" data-e-type=\"widget\" data-widget_type=\"heading.default\">\n\t\t\t\t<div class=\"elementor-widget-container\">\n\t\t\t\t\t<h2 class=\"elementor-heading-title elementor-size-default\">Vermietung<\/h2>\t\t\t\t<\/div>\n\t\t\t\t<\/div>\n\t\t\t\t<div class=\"elementor-element elementor-element-ccd9b1b elementor-widget elementor-widget-text-editor\" data-id=\"ccd9b1b\" data-element_type=\"widget\" data-e-type=\"widget\" data-widget_type=\"text-editor.default\">\n\t\t\t\t<div class=\"elementor-widget-container\">\n\t\t\t\t\t\t\t\t\t<ul><li>Wir vermieten Fahrr\u00e4der f\u00fcr Kinder und Erwachsene, <strong><a href=\"https:\/\/fietsenmike.be\/de\/elektrofahrrader\/\">Elektrofahrr\u00e4der<\/a><\/strong> und Tandems.<\/li><li>Croozer Fahrradanh\u00e4nger (<a href=\"https:\/\/www.croozer.com\/en\/discover-kids-trailer\">Entdecken Sie unseren Kinderanh\u00e4nger | Croozer<\/a>): Diese k\u00f6nnen auch Babys sicher transportieren und sind eine hervorragende Alternative zum Lastenrad!<\/li><li>Wir haben auch Fahrradanh\u00e4nger f\u00fcr einen Hund (<a href=\"https:\/\/www.croozer.com\/en\/bike-trailers-for-dogs\">Fahrradanh\u00e4nger f\u00fcr Hunde bis zu 45 kg | Croozer<\/a>).<\/li><li>Kinderwagen f\u00fcr die Kleinsten, Tretautos f\u00fcr 1 oder mehrere Personen und Elektroautos f\u00fcr Kinder, Familien-Go-Kart f\u00fcr mehrere Personen<\/li><li>Auch Hooverboards, elektrische Treppen, I-walk (Segway)...<\/li><\/ul>\t\t\t\t\t\t\t\t<\/div>\n\t\t\t\t<\/div>\n\t\t\t\t<div class=\"elementor-element elementor-element-b7c65a3 elementor-widget elementor-widget-heading\" data-id=\"b7c65a3\" data-element_type=\"widget\" data-e-type=\"widget\" data-widget_type=\"heading.default\">\n\t\t\t\t<div class=\"elementor-widget-container\">\n\t\t\t\t\t<p class=\"elementor-heading-title elementor-size-default\">Aus praktischen Gr\u00fcnden ist es nicht m\u00f6glich, Fahrr\u00e4der zu reservieren.<\/p>\t\t\t\t<\/div>\n\t\t\t\t<\/div>\n\t\t\t\t<div class=\"elementor-element elementor-element-3d2b9a8 elementor-widget elementor-widget-heading\" data-id=\"3d2b9a8\" data-element_type=\"widget\" data-e-type=\"widget\" data-widget_type=\"heading.default\">\n\t\t\t\t<div class=\"elementor-widget-container\">\n\t\t\t\t\t<h2 class=\"elementor-heading-title elementor-size-default\">Vertrieb<\/h2>\t\t\t\t<\/div>\n\t\t\t\t<\/div>\n\t\t\t\t<div class=\"elementor-element elementor-element-9a01e82 elementor-widget elementor-widget-text-editor\" data-id=\"9a01e82\" data-element_type=\"widget\" data-e-type=\"widget\" data-widget_type=\"text-editor.default\">\n\t\t\t\t<div class=\"elementor-widget-container\">\n\t\t\t\t\t\t\t\t\t<p>&gt; Wir <a href=\"\/de\/verkauf\/\"><strong>verkaufen<\/strong> <\/a>auch Fahrr\u00e4der.<\/p>\t\t\t\t\t\t\t\t<\/div>\n\t\t\t\t<\/div>\n\t\t\t\t<div class=\"elementor-element elementor-element-cd41bad elementor-widget elementor-widget-heading\" data-id=\"cd41bad\" data-element_type=\"widget\" data-e-type=\"widget\" data-widget_type=\"heading.default\">\n\t\t\t\t<div class=\"elementor-widget-container\">\n\t\t\t\t\t<h2 class=\"elementor-heading-title elementor-size-default\">Reparaturen<\/h2>\t\t\t\t<\/div>\n\t\t\t\t<\/div>\n\t\t\t\t<div class=\"elementor-element elementor-element-9308a18 elementor-widget elementor-widget-text-editor\" data-id=\"9308a18\" data-element_type=\"widget\" data-e-type=\"widget\" data-widget_type=\"text-editor.default\">\n\t\t\t\t<div class=\"elementor-widget-container\">\n\t\t\t\t\t\t\t\t\t<p><strong>&gt;Wir reparieren auch Fahrr\u00e4der<\/strong>: Reparatur aller Marken. Sowohl normale Fahrr\u00e4der als auch Elektrofahrr\u00e4der (nur der Fahrradteil, nicht der elektrische Teil).<\/p><p><strong><span style=\"text-decoration: underline;\">Hinweis<\/span><\/strong>Wir reparieren Ihr Fahrrad, wenn wir die Zeit daf\u00fcr haben und in der Lage sind, die Reparatur auszuf\u00fchren: Wir haben die Teile auf Lager und kennen sie.<\/p><p><strong>Reparaturen sollten <span style=\"text-decoration: underline;\">gleicher Tag<\/span> zur\u00fcckgegeben werden <span style=\"text-decoration: underline;\">abgerufen<\/span>: Wir haben keinen Platz zum Abstellen von Fahrr\u00e4dern!<\/strong><\/p>\t\t\t\t\t\t\t\t<\/div>\n\t\t\t\t<\/div>\n\t\t\t\t\t<\/div>\n\t\t<\/div>\n\t\t\t\t<div class=\"elementor-column elementor-col-50 elementor-top-column elementor-element elementor-element-791df44\" data-id=\"791df44\" data-element_type=\"column\" data-e-type=\"column\">\n\t\t\t<div class=\"elementor-widget-wrap elementor-element-populated\">\n\t\t\t\t\t\t<div class=\"elementor-element elementor-element-e44e721 elementor-widget elementor-widget-heading\" data-id=\"e44e721\" data-element_type=\"widget\" data-e-type=\"widget\" data-widget_type=\"heading.default\">\n\t\t\t\t<div class=\"elementor-widget-container\">\n\t\t\t\t\t<h2 class=\"elementor-heading-title elementor-size-default\">Preise<\/h2>\t\t\t\t<\/div>\n\t\t\t\t<\/div>\n\t\t\t\t<div class=\"elementor-element elementor-element-ee80a4e elementor-widget elementor-widget-button\" data-id=\"ee80a4e\" data-element_type=\"widget\" data-e-type=\"widget\" data-widget_type=\"button.default\">\n\t\t\t\t<div class=\"elementor-widget-container\">\n\t\t\t\t\t\t\t\t\t<div class=\"elementor-button-wrapper\">\n\t\t\t\t\t<a class=\"elementor-button elementor-button-link elementor-size-sm\" href=\"https:\/\/fietsenmike.be\/de\/vermietung\/\">\n\t\t\t\t\t\t<span class=\"elementor-button-content-wrapper\">\n\t\t\t\t\t\t<span class=\"elementor-button-icon\">\n\t\t\t\t<i aria-hidden=\"true\" class=\"fas fa-arrow-alt-circle-right\"><\/i>\t\t\t<\/span>\n\t\t\t\t\t\t\t\t\t<span class=\"elementor-button-text\">Preisliste \/ Infos<\/span>\n\t\t\t\t\t<\/span>\n\t\t\t\t\t<\/a>\n\t\t\t\t<\/div>\n\t\t\t\t\t\t\t\t<\/div>\n\t\t\t\t<\/div>\n\t\t\t\t<div class=\"elementor-element elementor-element-19e3502 elementor-icon-list--layout-traditional elementor-list-item-link-full_width elementor-widget elementor-widget-icon-list\" data-id=\"19e3502\" data-element_type=\"widget\" data-e-type=\"widget\" data-widget_type=\"icon-list.default\">\n\t\t\t\t<div class=\"elementor-widget-container\">\n\t\t\t\t\t\t\t<ul class=\"elementor-icon-list-items\">\n\t\t\t\t\t\t\t<li class=\"elementor-icon-list-item\">\n\t\t\t\t\t\t\t\t\t\t\t<span class=\"elementor-icon-list-icon\">\n\t\t\t\t\t\t\t<i aria-hidden=\"true\" class=\"far fa-clock\"><\/i>\t\t\t\t\t\t<\/span>\n\t\t\t\t\t\t\t\t\t\t<span class=\"elementor-icon-list-text\">Mindestmietdauer: 30 Minuten, danach rechnen wir pro 15 Minuten. Sie m\u00fcssen nicht im Voraus angeben, wie lange Sie abwesend sein werden.<\/span>\n\t\t\t\t\t\t\t\t\t<\/li>\n\t\t\t\t\t\t\t\t<li class=\"elementor-icon-list-item\">\n\t\t\t\t\t\t\t\t\t\t\t<span class=\"elementor-icon-list-icon\">\n\t\t\t\t\t\t\t<i aria-hidden=\"true\" class=\"far fa-money-bill-alt\"><\/i>\t\t\t\t\t\t<\/span>\n\t\t\t\t\t\t\t\t\t\t<span class=\"elementor-icon-list-text\">Wir notieren Ihre Abfahrtszeit, Sie zahlen - vor Ladenschluss - nach der gefahrenen Zeit.<\/span>\n\t\t\t\t\t\t\t\t\t<\/li>\n\t\t\t\t\t\t\t\t<li class=\"elementor-icon-list-item\">\n\t\t\t\t\t\t\t\t\t\t\t<span class=\"elementor-icon-list-icon\">\n\t\t\t\t\t\t\t<i aria-hidden=\"true\" class=\"far fa-id-card\"><\/i>\t\t\t\t\t\t<\/span>\n\t\t\t\t\t\t\t\t\t\t<span class=\"elementor-icon-list-text\">Wenn Sie ein Fahrrad oder Go-Kart mieten, m\u00fcssen Sie immer Ihren Personalausweis vorzeigen.<\/span>\n\t\t\t\t\t\t\t\t\t<\/li>\n\t\t\t\t\t\t\t\t<li class=\"elementor-icon-list-item\">\n\t\t\t\t\t\t\t\t\t\t\t<span class=\"elementor-icon-list-icon\">\n\t\t\t\t\t\t\t<i aria-hidden=\"true\" class=\"fas fa-arrow-circle-left\"><\/i>\t\t\t\t\t\t<\/span>\n\t\t\t\t\t\t\t\t\t\t<span class=\"elementor-icon-list-text\">Die gemietete Ausr\u00fcstung wird immer an das Gesch\u00e4ft in Duinbergen zur\u00fcckgegeben.<\/span>\n\t\t\t\t\t\t\t\t\t<\/li>\n\t\t\t\t\t\t\t\t<li class=\"elementor-icon-list-item\">\n\t\t\t\t\t\t\t\t\t\t\t<a href=\"https:\/\/fietsenmike.be\/de\/mietbestimmungen\/\" target=\"_blank\">\n\n\t\t\t\t\t\t\t\t\t\t\t\t<span class=\"elementor-icon-list-icon\">\n\t\t\t\t\t\t\t<i aria-hidden=\"true\" class=\"fas fa-exclamation-triangle\"><\/i>\t\t\t\t\t\t<\/span>\n\t\t\t\t\t\t\t\t\t\t<span class=\"elementor-icon-list-text\">Bei der Anmietung erkl\u00e4rt sich der Mieter mit der <b>Mietvorschriften.<\/b><\/span>\n\t\t\t\t\t\t\t\t\t\t\t<\/a>\n\t\t\t\t\t\t\t\t\t<\/li>\n\t\t\t\t\t\t<\/ul>\n\t\t\t\t\t\t<\/div>\n\t\t\t\t<\/div>\n\t\t\t\t\t<\/div>\n\t\t<\/div>\n\t\t\t\t\t<\/div>\n\t\t<\/section>\n\t\t\t\t<section class=\"elementor-section elementor-top-section elementor-element elementor-element-5afde5d elementor-section-boxed elementor-section-height-default elementor-section-height-default\" data-id=\"5afde5d\" data-element_type=\"section\" data-e-type=\"section\" data-settings=\"{&quot;background_background&quot;:&quot;classic&quot;}\">\n\t\t\t\t\t\t<div class=\"elementor-container elementor-column-gap-default\">\n\t\t\t\t\t<div class=\"elementor-column elementor-col-50 elementor-top-column elementor-element elementor-element-adc8d41\" data-id=\"adc8d41\" data-element_type=\"column\" data-e-type=\"column\">\n\t\t\t<div class=\"elementor-widget-wrap elementor-element-populated\">\n\t\t\t\t\t\t<div class=\"elementor-element elementor-element-8892b94 elementor-widget elementor-widget-heading\" data-id=\"8892b94\" data-element_type=\"widget\" data-e-type=\"widget\" data-widget_type=\"heading.default\">\n\t\t\t\t<div class=\"elementor-widget-container\">\n\t\t\t\t\t<h2 class=\"elementor-heading-title elementor-size-default\">Mieten eines geeigneten Kinderfahrrads<\/h2>\t\t\t\t<\/div>\n\t\t\t\t<\/div>\n\t\t\t\t<div class=\"elementor-element elementor-element-3ad585f elementor-widget__width-initial elementor-widget elementor-widget-text-editor\" data-id=\"3ad585f\" data-element_type=\"widget\" data-e-type=\"widget\" data-widget_type=\"text-editor.default\">\n\t\t\t\t<div class=\"elementor-widget-container\">\n\t\t\t\t\t\t\t\t\t<p class=\"MsoNormal\"><span lang=\"NL-BE\">In unserem <a href=\"https:\/\/fietsenmike.be\/de\/\"style=\"color:#FFa600; text-decoration:underline;\">Fahrradverleih<\/a> k\u00f6nnen Sie Kinderfahrr\u00e4der in verschiedenen Gr\u00f6\u00dfen mieten, so dass immer ein passendes Fahrrad f\u00fcr Ihr Kind vorhanden ist. Ob f\u00fcr einen Tag oder f\u00fcr eine ganze <a href=\"https:\/\/fietsenmike.be\/de\/fahrradverleih-wochenende-knokke\/\" style=\"color:#FFa600; text-decoration:underline;\">Wochenende<\/a> ein Kinderfahrrad mieten m\u00f6chten, bieten wir flexible Leihfristen an. Es ist auch m\u00f6glich, ein <a href=\"https:\/\/fietsenmike.be\/de\/tandemverleih-knokke\/\" style=\"color:#FFa600; text-decoration:underline;\">Tandem zu vermieten<\/a>So k\u00f6nnen Sie gemeinsam mit Ihrem Kind radeln. Sie k\u00f6nnen auch ein <a href=\"https:\/\/fietsenmike.be\/de\/fahrradanhangerverleih-knokke\/\" style=\"color:#FFa600; text-decoration:underline;\">Fahrradanh\u00e4nger mieten<\/a>Ideal f\u00fcr die Kleinsten, die noch nicht selbstst\u00e4ndig Rad fahren k\u00f6nnen. Dies bietet zus\u00e4tzlichen Komfort und Sicherheit w\u00e4hrend der Fahrradtour.<\/span><\/p>\t\t\t\t\t\t\t\t<\/div>\n\t\t\t\t<\/div>\n\t\t\t\t\t<\/div>\n\t\t<\/div>\n\t\t\t\t<div class=\"elementor-column elementor-col-50 elementor-top-column elementor-element elementor-element-5b3c084\" data-id=\"5b3c084\" data-element_type=\"column\" data-e-type=\"column\">\n\t\t\t<div class=\"elementor-widget-wrap elementor-element-populated\">\n\t\t\t\t\t\t<div class=\"elementor-element elementor-element-4a4f5ba elementor-widget elementor-widget-image\" data-id=\"4a4f5ba\" data-element_type=\"widget\" data-e-type=\"widget\" data-widget_type=\"image.default\">\n\t\t\t\t<div class=\"elementor-widget-container\">\n\t\t\t\t\t\t\t\t\t\t\t\t\t\t\t<img fetchpriority=\"high\" decoding=\"async\" width=\"300\" height=\"225\" src=\"https:\/\/fietsenmike.be\/wp-content\/uploads\/2022\/03\/fietsen-MIKE-027-300x225.jpg\" class=\"attachment-medium size-medium wp-image-309\" alt=\"\" srcset=\"https:\/\/fietsenmike.be\/wp-content\/uploads\/2022\/03\/fietsen-MIKE-027-300x225.jpg 300w, https:\/\/fietsenmike.be\/wp-content\/uploads\/2022\/03\/fietsen-MIKE-027-768x576.jpg 768w, https:\/\/fietsenmike.be\/wp-content\/uploads\/2022\/03\/fietsen-MIKE-027.jpg 1024w\" sizes=\"(max-width: 300px) 100vw, 300px\" \/>\t\t\t\t\t\t\t\t\t\t\t\t\t\t\t<\/div>\n\t\t\t\t<\/div>\n\t\t\t\t\t<\/div>\n\t\t<\/div>\n\t\t\t\t\t<\/div>\n\t\t<\/section>\n\t\t\t\t<section class=\"elementor-section elementor-top-section elementor-element elementor-element-02412ca elementor-section-stretched donker elementor-section-boxed elementor-section-height-default elementor-section-height-default\" data-id=\"02412ca\" data-element_type=\"section\" data-e-type=\"section\" id=\"verhuur\" data-settings=\"{&quot;stretch_section&quot;:&quot;section-stretched&quot;,&quot;background_background&quot;:&quot;classic&quot;}\">\n\t\t\t\t\t\t<div class=\"elementor-container elementor-column-gap-default\">\n\t\t\t\t\t<div class=\"elementor-column elementor-col-100 elementor-top-column elementor-element elementor-element-2d45de1\" data-id=\"2d45de1\" data-element_type=\"column\" data-e-type=\"column\">\n\t\t\t<div class=\"elementor-widget-wrap elementor-element-populated\">\n\t\t\t\t\t\t<div class=\"elementor-element elementor-element-f46f795 elementor-widget elementor-widget-heading\" data-id=\"f46f795\" data-element_type=\"widget\" data-e-type=\"widget\" data-widget_type=\"heading.default\">\n\t\t\t\t<div class=\"elementor-widget-container\">\n\t\t\t\t\t<h3 class=\"elementor-heading-title elementor-size-default\">Besuchen Sie unser Gesch\u00e4ft<\/h3>\t\t\t\t<\/div>\n\t\t\t\t<\/div>\n\t\t\t\t<div class=\"elementor-element elementor-element-4974ef5 elementor-widget__width-initial elementor-widget elementor-widget-text-editor\" data-id=\"4974ef5\" data-element_type=\"widget\" data-e-type=\"widget\" data-widget_type=\"text-editor.default\">\n\t\t\t\t<div class=\"elementor-widget-container\">\n\t\t\t\t\t\t\t\t\t<span lang=\"NL-BE\" style=\"font-size: 11.0pt; line-height: 107%; font-family: 'Aptos',sans-serif; mso-ascii-theme-font: minor-latin; mso-fareast-font-family: Aptos; mso-fareast-theme-font: minor-latin; mso-hansi-theme-font: minor-latin; mso-bidi-font-family: 'Times New Roman'; mso-bidi-theme-font: minor-bidi; mso-ansi-language: NL-BE; mso-fareast-language: EN-US; mso-bidi-language: AR-SA;\">Wir laden Sie ein zu <a href=\"https:\/\/fietsenmike.be\/de\/standort\/\" style=\"color:#FFa600; text-decoration:underline;\">unser Gesch\u00e4ft<\/a> an der Strandpromenade in Knokke und suchen Sie das perfekte Kinderfahrrad f\u00fcr Ihr Kind aus. In der N\u00e4he gibt es Parkpl\u00e4tze. Siehe <a href=\"https:\/\/fietsenmike.be\/de\/bilder\/\" style=\"color:#FFa600; text-decoration:underline;\">unsere Fotos<\/a> um sich ein besseres Bild von unserem Angebot und den verschiedenen Optionen zu machen, die wir anbieten. Aus praktischen Gr\u00fcnden ist es nicht m\u00f6glich, ein Fahrrad im Voraus zu reservieren. Unsere Mitarbeiter helfen Ihnen gerne und beraten Sie, damit Sie die richtige Wahl treffen. Kommen Sie vorbei und finden Sie Ihr ideales <a href=\"https:\/\/fietsenmike.be\/de\/vermietung\/\" style=\"color:#FFa600; text-decoration:underline;\">Fahrradverleih<\/a>!<\/span>\t\t\t\t\t\t\t\t<\/div>\n\t\t\t\t<\/div>\n\t\t\t\t\t<\/div>\n\t\t<\/div>\n\t\t\t\t\t<\/div>\n\t\t<\/section>\n\t\t\t\t<section class=\"elementor-section elementor-top-section elementor-element elementor-element-61a4d0e elementor-section-full_width elementor-section-height-default elementor-section-height-default\" data-id=\"61a4d0e\" data-element_type=\"section\" data-e-type=\"section\">\n\t\t\t\t\t\t<div class=\"elementor-container elementor-column-gap-default\">\n\t\t\t\t\t<div class=\"elementor-column elementor-col-100 elementor-top-column elementor-element elementor-element-c51b1b9\" data-id=\"c51b1b9\" data-element_type=\"column\" data-e-type=\"column\">\n\t\t\t<div class=\"elementor-widget-wrap elementor-element-populated\">\n\t\t\t\t\t\t<div class=\"elementor-element elementor-element-0afe333 elementor-widget__width-initial elementor-widget elementor-widget-google_maps\" data-id=\"0afe333\" data-element_type=\"widget\" data-e-type=\"widget\" data-widget_type=\"google_maps.default\">\n\t\t\t\t<div class=\"elementor-widget-container\">\n\t\t\t\t\t\t\t<div class=\"elementor-custom-embed\">\n\t\t\t<iframe loading=\"lazy\"\n\t\t\t\t\tsrc=\"https:\/\/maps.google.com\/maps?q=Zeedijk-Albertstrand%20460%2C%208301%20Knokke-Heist&#038;t=m&#038;z=15&#038;output=embed&#038;iwloc=near\"\n\t\t\t\t\ttitle=\"Zeedijk-Albertstrand 460, 8301 Knokke-Heist\"\n\t\t\t\t\taria-label=\"Zeedijk-Albertstrand 460, 8301 Knokke-Heist\"\n\t\t\t><\/iframe>\n\t\t<\/div>\n\t\t\t\t\t\t<\/div>\n\t\t\t\t<\/div>\n\t\t\t\t\t<\/div>\n\t\t<\/div>\n\t\t\t\t\t<\/div>\n\t\t<\/section>\n\t\t\t\t<\/div>","protected":false},"excerpt":{"rendered":"<p>Mieten Sie ein Kinderfahrrad in Knokke Kontakt Fahrradanh\u00e4nger f\u00fcr Hunde und Kinder Verkauf und Reparaturen Ein Kinderfahrrad zu mieten ist eine hervorragende M\u00f6glichkeit, damit auch Ihre Kinder eine Fahrradtour in Knokke genie\u00dfen k\u00f6nnen. Bei Bike Rental Mike k\u00f6nnen Sie ganz einfach ein Kinderfahrrad mieten, um die sch\u00f6ne Stadt zu ... <a title=\"Kinderfahrradverleih Knokke\" class=\"read-more\" href=\"https:\/\/fietsenmike.be\/de\/kinderfiets-huren-knokke\/\" aria-label=\"Mehr Informationen \u00fcber Kinderfiets mieten Knokke\">Weiterlesen<\/a><\/p>","protected":false},"author":2,"featured_media":0,"parent":0,"menu_order":0,"comment_status":"closed","ping_status":"closed","template":"elementor_header_footer","meta":{"inline_featured_image":false,"footnotes":""},"class_list":["post-1045","page","type-page","status-publish"],"yoast_head":"<!-- This site is optimized with the Yoast SEO plugin v27.5 - https:\/\/yoast.com\/product\/yoast-seo-wordpress\/ -->\n<title>Kinderfiets huren in Knokke - Fietsen Mike<\/title>\n<meta name=\"description\" content=\"Wanneer u een kinderfiets wilt huren in regio Knokke, bieden wij u verschillende handige opties aan. Kom langs bij ons en ontdek het volledige aanbod!\" \/>\n<meta name=\"robots\" content=\"index, follow, max-snippet:-1, max-image-preview:large, max-video-preview:-1\" \/>\n<link rel=\"canonical\" href=\"https:\/\/fietsenmike.be\/de\/kinderfahrradverleih-knokke\/\" \/>\n<meta property=\"og:locale\" content=\"de_DE\" \/>\n<meta property=\"og:type\" content=\"article\" \/>\n<meta property=\"og:title\" content=\"Kinderfiets huren in Knokke - Fietsen Mike\" \/>\n<meta property=\"og:description\" content=\"Wanneer u een kinderfiets wilt huren in regio Knokke, bieden wij u verschillende handige opties aan. Kom langs bij ons en ontdek het volledige aanbod!\" \/>\n<meta property=\"og:url\" content=\"https:\/\/fietsenmike.be\/de\/kinderfahrradverleih-knokke\/\" \/>\n<meta property=\"og:site_name\" content=\"Fietsen Mike\" \/>\n<meta property=\"article:modified_time\" content=\"2024-08-01T10:56:23+00:00\" \/>\n<meta property=\"og:image\" content=\"https:\/\/fietsenmike.be\/wp-content\/uploads\/2022\/03\/fietsen-MIKE-027-300x225.jpg\" \/>\n<meta name=\"twitter:card\" content=\"summary_large_image\" \/>\n<meta name=\"twitter:label1\" content=\"Gesch\u00e4tzte Lesezeit\" \/>\n\t<meta name=\"twitter:data1\" content=\"3\u00a0Minuten\" \/>\n<script type=\"application\/ld+json\" class=\"yoast-schema-graph\">{\"@context\":\"https:\\\/\\\/schema.org\",\"@graph\":[{\"@type\":\"WebPage\",\"@id\":\"https:\\\/\\\/fietsenmike.be\\\/kinderfiets-huren-knokke\\\/\",\"url\":\"https:\\\/\\\/fietsenmike.be\\\/kinderfiets-huren-knokke\\\/\",\"name\":\"Kinderfiets huren in Knokke - Fietsen Mike\",\"isPartOf\":{\"@id\":\"https:\\\/\\\/fietsenmike.be\\\/#website\"},\"primaryImageOfPage\":{\"@id\":\"https:\\\/\\\/fietsenmike.be\\\/kinderfiets-huren-knokke\\\/#primaryimage\"},\"image\":{\"@id\":\"https:\\\/\\\/fietsenmike.be\\\/kinderfiets-huren-knokke\\\/#primaryimage\"},\"thumbnailUrl\":\"https:\\\/\\\/fietsenmike.be\\\/wp-content\\\/uploads\\\/2022\\\/03\\\/fietsen-MIKE-027-300x225.jpg\",\"datePublished\":\"2024-08-01T10:36:07+00:00\",\"dateModified\":\"2024-08-01T10:56:23+00:00\",\"description\":\"Wanneer u een kinderfiets wilt huren in regio Knokke, bieden wij u verschillende handige opties aan. Kom langs bij ons en ontdek het volledige aanbod!\",\"breadcrumb\":{\"@id\":\"https:\\\/\\\/fietsenmike.be\\\/kinderfiets-huren-knokke\\\/#breadcrumb\"},\"inLanguage\":\"de\",\"potentialAction\":[{\"@type\":\"ReadAction\",\"target\":[\"https:\\\/\\\/fietsenmike.be\\\/kinderfiets-huren-knokke\\\/\"]}]},{\"@type\":\"ImageObject\",\"inLanguage\":\"de\",\"@id\":\"https:\\\/\\\/fietsenmike.be\\\/kinderfiets-huren-knokke\\\/#primaryimage\",\"url\":\"https:\\\/\\\/fietsenmike.be\\\/wp-content\\\/uploads\\\/2022\\\/03\\\/fietsen-MIKE-027-300x225.jpg\",\"contentUrl\":\"https:\\\/\\\/fietsenmike.be\\\/wp-content\\\/uploads\\\/2022\\\/03\\\/fietsen-MIKE-027-300x225.jpg\"},{\"@type\":\"BreadcrumbList\",\"@id\":\"https:\\\/\\\/fietsenmike.be\\\/kinderfiets-huren-knokke\\\/#breadcrumb\",\"itemListElement\":[{\"@type\":\"ListItem\",\"position\":1,\"name\":\"Home\",\"item\":\"https:\\\/\\\/fietsenmike.be\\\/\"},{\"@type\":\"ListItem\",\"position\":2,\"name\":\"Kinderfiets huren Knokke\"}]},{\"@type\":\"WebSite\",\"@id\":\"https:\\\/\\\/fietsenmike.be\\\/#website\",\"url\":\"https:\\\/\\\/fietsenmike.be\\\/\",\"name\":\"Fietsen Mike\",\"description\":\"Just another WordPress site\",\"publisher\":{\"@id\":\"https:\\\/\\\/fietsenmike.be\\\/#organization\"},\"potentialAction\":[{\"@type\":\"SearchAction\",\"target\":{\"@type\":\"EntryPoint\",\"urlTemplate\":\"https:\\\/\\\/fietsenmike.be\\\/?s={search_term_string}\"},\"query-input\":{\"@type\":\"PropertyValueSpecification\",\"valueRequired\":true,\"valueName\":\"search_term_string\"}}],\"inLanguage\":\"de\"},{\"@type\":\"Organization\",\"@id\":\"https:\\\/\\\/fietsenmike.be\\\/#organization\",\"name\":\"Fietsen Mike\",\"url\":\"https:\\\/\\\/fietsenmike.be\\\/\",\"logo\":{\"@type\":\"ImageObject\",\"inLanguage\":\"de\",\"@id\":\"https:\\\/\\\/fietsenmike.be\\\/#\\\/schema\\\/logo\\\/image\\\/\",\"url\":\"https:\\\/\\\/fietsenmike.be\\\/wp-content\\\/uploads\\\/2022\\\/02\\\/fietsen-mike.png\",\"contentUrl\":\"https:\\\/\\\/fietsenmike.be\\\/wp-content\\\/uploads\\\/2022\\\/02\\\/fietsen-mike.png\",\"width\":300,\"height\":58,\"caption\":\"Fietsen Mike\"},\"image\":{\"@id\":\"https:\\\/\\\/fietsenmike.be\\\/#\\\/schema\\\/logo\\\/image\\\/\"}}]}<\/script>\n<!-- \/ Yoast SEO plugin. -->","yoast_head_json":{"title":"Kinderfahrradverleih in Knokke - Bike Mike","description":"Wenn Sie in der Umgebung von Knokke ein Kinderfahrrad mieten m\u00f6chten, bieten wir Ihnen mehrere bequeme M\u00f6glichkeiten. Besuchen Sie uns und entdecken Sie die ganze Palette!","robots":{"index":"index","follow":"follow","max-snippet":"max-snippet:-1","max-image-preview":"max-image-preview:large","max-video-preview":"max-video-preview:-1"},"canonical":"https:\/\/fietsenmike.be\/de\/kinderfahrradverleih-knokke\/","og_locale":"de_DE","og_type":"article","og_title":"Kinderfiets huren in Knokke - Fietsen Mike","og_description":"Wanneer u een kinderfiets wilt huren in regio Knokke, bieden wij u verschillende handige opties aan. Kom langs bij ons en ontdek het volledige aanbod!","og_url":"https:\/\/fietsenmike.be\/de\/kinderfahrradverleih-knokke\/","og_site_name":"Fietsen Mike","article_modified_time":"2024-08-01T10:56:23+00:00","og_image":[{"url":"https:\/\/fietsenmike.be\/wp-content\/uploads\/2022\/03\/fietsen-MIKE-027-300x225.jpg","type":"","width":"","height":""}],"twitter_card":"summary_large_image","twitter_misc":{"Gesch\u00e4tzte Lesezeit":"3\u00a0Minuten"},"schema":{"@context":"https:\/\/schema.org","@graph":[{"@type":"WebPage","@id":"https:\/\/fietsenmike.be\/kinderfiets-huren-knokke\/","url":"https:\/\/fietsenmike.be\/kinderfiets-huren-knokke\/","name":"Kinderfahrradverleih in Knokke - Bike Mike","isPartOf":{"@id":"https:\/\/fietsenmike.be\/#website"},"primaryImageOfPage":{"@id":"https:\/\/fietsenmike.be\/kinderfiets-huren-knokke\/#primaryimage"},"image":{"@id":"https:\/\/fietsenmike.be\/kinderfiets-huren-knokke\/#primaryimage"},"thumbnailUrl":"https:\/\/fietsenmike.be\/wp-content\/uploads\/2022\/03\/fietsen-MIKE-027-300x225.jpg","datePublished":"2024-08-01T10:36:07+00:00","dateModified":"2024-08-01T10:56:23+00:00","description":"Wenn Sie in der Umgebung von Knokke ein Kinderfahrrad mieten m\u00f6chten, bieten wir Ihnen mehrere bequeme M\u00f6glichkeiten. Besuchen Sie uns und entdecken Sie die ganze Palette!","breadcrumb":{"@id":"https:\/\/fietsenmike.be\/kinderfiets-huren-knokke\/#breadcrumb"},"inLanguage":"de","potentialAction":[{"@type":"ReadAction","target":["https:\/\/fietsenmike.be\/kinderfiets-huren-knokke\/"]}]},{"@type":"ImageObject","inLanguage":"de","@id":"https:\/\/fietsenmike.be\/kinderfiets-huren-knokke\/#primaryimage","url":"https:\/\/fietsenmike.be\/wp-content\/uploads\/2022\/03\/fietsen-MIKE-027-300x225.jpg","contentUrl":"https:\/\/fietsenmike.be\/wp-content\/uploads\/2022\/03\/fietsen-MIKE-027-300x225.jpg"},{"@type":"BreadcrumbList","@id":"https:\/\/fietsenmike.be\/kinderfiets-huren-knokke\/#breadcrumb","itemListElement":[{"@type":"ListItem","position":1,"name":"Home","item":"https:\/\/fietsenmike.be\/"},{"@type":"ListItem","position":2,"name":"Kinderfiets huren Knokke"}]},{"@type":"WebSite","@id":"https:\/\/fietsenmike.be\/#website","url":"https:\/\/fietsenmike.be\/","name":"Radsport-Mike","description":"Nur eine weitere WordPress-Seite","publisher":{"@id":"https:\/\/fietsenmike.be\/#organization"},"potentialAction":[{"@type":"SearchAction","target":{"@type":"EntryPoint","urlTemplate":"https:\/\/fietsenmike.be\/?s={search_term_string}"},"query-input":{"@type":"PropertyValueSpecification","valueRequired":true,"valueName":"search_term_string"}}],"inLanguage":"de"},{"@type":"Organization","@id":"https:\/\/fietsenmike.be\/#organization","name":"Radsport-Mike","url":"https:\/\/fietsenmike.be\/","logo":{"@type":"ImageObject","inLanguage":"de","@id":"https:\/\/fietsenmike.be\/#\/schema\/logo\/image\/","url":"https:\/\/fietsenmike.be\/wp-content\/uploads\/2022\/02\/fietsen-mike.png","contentUrl":"https:\/\/fietsenmike.be\/wp-content\/uploads\/2022\/02\/fietsen-mike.png","width":300,"height":58,"caption":"Fietsen Mike"},"image":{"@id":"https:\/\/fietsenmike.be\/#\/schema\/logo\/image\/"}}]}},"_links":{"self":[{"href":"https:\/\/fietsenmike.be\/de\/wp-json\/wp\/v2\/pages\/1045","targetHints":{"allow":["GET"]}}],"collection":[{"href":"https:\/\/fietsenmike.be\/de\/wp-json\/wp\/v2\/pages"}],"about":[{"href":"https:\/\/fietsenmike.be\/de\/wp-json\/wp\/v2\/types\/page"}],"author":[{"embeddable":true,"href":"https:\/\/fietsenmike.be\/de\/wp-json\/wp\/v2\/users\/2"}],"replies":[{"embeddable":true,"href":"https:\/\/fietsenmike.be\/de\/wp-json\/wp\/v2\/comments?post=1045"}],"version-history":[{"count":4,"href":"https:\/\/fietsenmike.be\/de\/wp-json\/wp\/v2\/pages\/1045\/revisions"}],"predecessor-version":[{"id":1050,"href":"https:\/\/fietsenmike.be\/de\/wp-json\/wp\/v2\/pages\/1045\/revisions\/1050"}],"wp:attachment":[{"href":"https:\/\/fietsenmike.be\/de\/wp-json\/wp\/v2\/media?parent=1045"}],"curies":[{"name":"wp","href":"https:\/\/api.w.org\/{rel}","templated":true}]}}